{"id":7308,"date":"2025-08-20T14:08:46","date_gmt":"2025-08-20T12:08:46","guid":{"rendered":"https:\/\/gfieurope.org\/de\/?page_id=7308"},"modified":"2026-01-05T09:04:09","modified_gmt":"2026-01-05T08:04:09","slug":"communications-associate-deutschland","status":"publish","type":"page","link":"https:\/\/gfieurope.org\/de\/communications-associate-deutschland\/","title":{"rendered":"Communications Associate, Deutschland (m, w, d) &#8211; Remote, befristeter Arbeitsvertrag (2 Jahre)"},"content":{"rendered":"\n<p><strong><br><\/strong><\/p>\n\n\n<div class=\"page-header-side-image alignfull has-background has-white-background-color\">\n\t\n\t<div class=\"page-header-side-image__wrap alignsemiwide\">\n\t\t\n\n<div class=\"page-header-side-image__content\">\n<h1 class=\"wp-block-heading\" id=\"science-and-technology-community-coordinator\">Communications Associate, Deutschland (m, w, d) &#8211; Remote, befristeter Arbeitsvertrag (2 Jahre)<\/h1>\n\n\n\n<p><strong>Bewerbungsfrist<\/strong>:<a href=\"Dienstag 9. September 2025, 23.59 Uhr CEST\"> Mittwoch 14. Januar 2026, 23.59 Uhr CEST<\/a>.<\/p>\n\n\n\n<p>This job description is also <a href=\"https:\/\/gfieurope.org\/careers\/communications-associate-germany-home-based-fixed-term-2-years\/\">available in English<\/a>.<\/p>\n\n\n\n<p>Das Good Food Institute Europe sucht einen Communications Associate (m, w, d), um gemeinsam mit unserem Kommunikationsteam pflanzliche und andere alternative Proteine kommunikativ voranzubringen.<\/p>\n\n\n\n<div class=\"wp-block-buttons is-layout-flex wp-block-buttons-is-layout-flex\">\n<div class=\"wp-block-button\"><a class=\"wp-block-button__link has-yellow-background-color has-background wp-element-button\" href=\"https:\/\/app.beapplied.com\/apply\/zbh7dqurn2\" target=\"_blank\" rel=\"noreferrer noopener\"><strong>Bewerben Sie sich h<\/strong>ier <\/a><\/div>\n<\/div>\n\n\n<div class=\"share\"><ul class=\"share__list\"><li class=\"share__item\"><a href=\"https:\/\/www.facebook.com\/sharer.php?u=https%3A%2F%2Fgfieurope.org%2Fde%2Fcommunications-associate-deutschland%2F\" class=\"share__link share__link--facebook nls\" target=\"_blank\" rel=\"noopener\">\n\t<span class=\"a11y\">Diese Seite auf Facebook teilen<\/span>\n\t<span class=\"share__icon\" aria-hidden=\"true\"><svg xmlns=\"http:\/\/www.w3.org\/2000\/svg\" width=\"37\" height=\"37\" viewbox=\"0 0 37 37\" role=\"img\" focusable=\"false\" class=\"svg svg--facebook\"><path d=\"M37 18.613C37 8.333 28.717 0 18.5 0S0 8.333 0 18.613C0 27.903 6.765 35.603 15.61 37V23.993h-4.698v-5.38h4.697v-4.1c0-4.666 2.762-7.242 6.988-7.242 2.024 0 4.141.363 4.141.363v4.58h-2.332c-2.299 0-3.015 1.436-3.015 2.908v3.491h5.13l-.82 5.38h-4.31V37C30.235 35.604 37 27.903 37 18.613z\" fill-rule=\"nonzero\"><\/path><\/svg><!-- <svg version=\"1.1\" xmlns=\"http:\/\/www.w3.org\/2000\/svg\" width=\"14\" height=\"24\" viewBox=\"0 0 263 448\"><path d=\"M239.75 3v66h-39.25c-30.75 0-36.5 14.75-36.5 36v47.25h73.25l-9.75 74h-63.5v189.75h-76.5v-189.75h-63.75v-74h63.75v-54.5c0-63.25 38.75-97.75 95.25-97.75 27 0 50.25 2 57 3z\"><\/path><\/svg> --><\/span>\n\t<span class=\"share__tooltip\" aria-hidden=\"true\">Share on Facebook<\/span>\n<\/a>\n<\/li><li class=\"share__item\"><a href=\"https:\/\/twitter.com\/intent\/tweet?url=https%3A%2F%2Fgfieurope.org%2Fde%2Fcommunications-associate-deutschland%2F\" class=\"share__link share__link--twitter nls\" target=\"_blank\" rel=\"noopener\">\n\t<span class=\"a11y\">Diese Seite auf Twitter teilen<\/span>\n\t<span class=\"share__icon\" aria-hidden=\"true\"><svg xmlns=\"http:\/\/www.w3.org\/2000\/svg\" aria-label=\"Twitter\" width=\"32\" height=\"32\" viewBox=\"0 0 512 512\" role=\"img\" focusable=\"false\" class=\"svg svg--twitter\"><path d=\"M389.2 48h70.6L305.6 224.2 487 464H345L233.7 318.6 106.5 464H35.8L200.7 275.5 26.8 48H172.4L272.9 180.9 389.2 48zM364.4 421.8h39.1L151.1 88h-42L364.4 421.8z\"><\/path><\/svg><\/span>\n\t<span class=\"share__tooltip\" aria-hidden=\"true\">Share on X<\/span>\n<\/a>\n<\/li><li class=\"share__item\"><a href=\"https:\/\/www.linkedin.com\/shareArticle?url=https%3A%2F%2Fgfieurope.org%2Fde%2Fcommunications-associate-deutschland%2F&amp;title=Communications%20Associate%2C%20Deutschland%20%28m%2C%20w%2C%20d%29%20%26%238211%3B%20Remote%2C%20befristeter%20Arbeitsvertrag%20%282%20Jahre%29&amp;mini=true\" target=\"_blank\" rel=\"noopener\" class=\"share__link share__link--linkedin nls\">\n\t<span class=\"a11y\">Diese Seite auf LinkedIn teilen<\/span>\n\t<span class=\"share__icon\" aria-hidden=\"true\"><svg xmlns=\"http:\/\/www.w3.org\/2000\/svg\" aria-label=\"LinkedIn\" width=\"32\" height=\"33\" viewbox=\"0 0 32 33\" role=\"img\" focusable=\"false\" class=\"svg svg--linkedin\"><path d=\"M4 8c1.097 0 2.038-.392 2.823-1.177C7.608 6.016 8 5.075 8 4c0-1.086-.392-2.032-1.177-2.839C6.038.387 5.097 0 4 0 2.914 0 1.973.387 1.177 1.161.392 1.968 0 2.914 0 4c0 1.075.392 2.016 1.177 2.823C1.962 7.608 2.903 8 4 8zm13.41 24c.226 0 .42-.082.585-.247a.758.758 0 00.23-.555V20.406c0-1.397.272-2.492.815-3.283.533-.781 1.476-1.172 2.829-1.172 1.045 0 1.768.252 2.168.755.41.525.615 1.316.615 2.375v12.117c0 .216.076.401.23.555a.78.78 0 00.569.247h5.75c.205 0 .389-.082.553-.247a.768.768 0 00.246-.555V17.77c0-2.56-.738-4.496-2.214-5.812C28.321 10.653 26.281 10 23.668 10c-2.327 0-4.197.663-5.612 1.989 0-.113-.005-.231-.015-.355v-.17a2.536 2.536 0 01-.077-.4c-.051-.226-.128-.37-.23-.432-.113-.072-.272-.108-.477-.108h-5.458a.772.772 0 00-.568.231.776.776 0 00-.231.57v19.873c0 .216.077.401.23.555a.78.78 0 00.57.247h5.61zM6.227 33c.198 0 .377-.084.536-.253A.808.808 0 007 32.18V11.82a.826.826 0 00-.238-.584.711.711 0 00-.536-.237H.774a.711.711 0 00-.536.237.826.826 0 00-.238.584V32.18c0 .21.08.4.238.568.16.169.338.253.536.253h5.452z\" fill-rule=\"nonzero\"><\/path><\/svg><!-- <svg aria-label=\"LinkedIn\" xmlns=\"http:\/\/www.w3.org\/2000\/svg\" viewBox=\"0 0 448 512\" width=\"21\" height=\"24\"><path d=\"M100.28 448H7.4V148.9h92.88zM53.79 108.1C24.09 108.1 0 83.5 0 53.8a53.79 53.79 0 0 1 107.58 0c0 29.7-24.1 54.3-53.79 54.3zM447.9 448h-92.68V302.4c0-34.7-.7-79.2-48.29-79.2-48.29 0-55.69 37.7-55.69 76.7V448h-92.78V148.9h89.08v40.8h1.3c12.4-23.5 42.69-48.3 87.88-48.3 94 0 111.28 61.9 111.28 142.3V448z\"\/><\/svg> --><\/span>\n\t<span class=\"share__tooltip\" aria-hidden=\"true\">Share on LinkedIn<\/span>\n<\/a>\n<\/li><\/ul><\/div><\/div>\n\n\n\n<div class=\"page-header-side-image__media\">\n<figure class=\"wp-block-image size-large\"><img decoding=\"async\" src=\"https:\/\/gfieurope.org\/wp-content\/uploads\/2024\/07\/GFI-Leuven-50959-1024x683.jpg\" alt=\"Members of the GFI Europe team working together\" class=\"wp-image-7518\" \/><\/figure>\n<\/div>\n\n\n\t<\/div>\n<\/div>\n\n\n<div class=\"alignfull in-page\" data-label=\"Inhalte\">\n\t<div class=\"alignwide in-page__content\">\n\t\t<span class=\"in-page__label\">Inhalte:<\/span>\n\t\t<div class=\"in-page__menu\">\n\t\t\t\n\n<ul class=\"wp-block-list\">\n<li><a href=\"#difference\">Wie Sie etwas bewirken k\u00f6nnen<\/a>&nbsp; |&nbsp; <a href=\"#who\">Wen wir suchen<\/a>&nbsp; |&nbsp; <a href=\"#benefits\">Konditionen<\/a>&nbsp; |&nbsp; <a href=\"#apply\">Bewerbungsprozess<\/a>&nbsp; |&nbsp; <a href=\"#questions\">Haben Sie Fragen?<\/a>&nbsp;<\/li>\n<\/ul>\n\n\n\t\t<\/div>\n\t<\/div>\n<\/div>\n\n\n\n\n<h2 class=\"wp-block-heading\">Hintergrund zur Stelle<\/h2>\n\n\n\n<p>Das Good Food Institute Europe (GFI Europe) ist ein gemeinn\u00fctziger Think Tank, der sich f\u00fcr nachhaltige Alternativen zu Fleisch und anderen tierischen Produkten einsetzt, um einige der gr\u00f6\u00dften Probleme der Welt zu l\u00f6sen, vom Klimawandel und Welthunger bis hin zu Antibiotikaresistenz und Tierleid.<\/p>\n\n\n\n<p>Wir arbeiten mit Wissenschaft, Wirtschaft und Politik zusammen, um pflanzliches und aus Zellen kultiviertes Fleisch schmackhaft, erschwinglich und \u00fcberall verf\u00fcgbar zu machen. <em>Bitte erkunden Sie den Rest unserer&nbsp;<\/em><a href=\"https:\/\/gfieurope.org\/\" target=\"_blank\" rel=\"noreferrer noopener\"><em><u>Website<\/u><\/em><\/a><em>, unseren&nbsp;<\/em><a href=\"https:\/\/gfieurope.org\/blog\/we-cant-do-this-alone-why-coalition-building-is-essential-to-addressing-the-climate-cow-in-the-room\/\" target=\"_blank\" rel=\"noreferrer noopener\"><em><u>Blogbeitrag zu den Highlights 2024<\/u><\/em><\/a><em>&nbsp;und die aktuellen Ausgaben unseres monatlichen&nbsp;<\/em><a href=\"https:\/\/www.linkedin.com\/build-relation\/newsletter-follow?entityUrn=7024077888400314369\" target=\"_blank\" rel=\"noreferrer noopener\"><em><u>Newsletters<\/u><\/em><\/a><em>, um mehr \u00fcber uns und unsere Arbeit zu erfahren.<\/em><\/p>\n\n\n\n<h2 class=\"wp-block-heading is-style-accent\" id=\"difference\"><strong>Wie Sie etwas bewirken k\u00f6nnen<\/strong><\/h2>\n\n\n\n<p>Als Teil unseres wachsenden Teams in Deutschland berichten an unseren Leiter DACH (DACH Lead) f\u00fcr Deutschland und arbeiten eng mit dem Kommunikationsteam zusammen. Sie sorgen f\u00fcr eine positive Berichterstattung \u00fcber pflanzliche und andere alternative Proteine.<\/p>\n\n\n\n<p>Zu Ihren Aufgaben geh\u00f6ren:<\/p>\n\n\n\n<ul class=\"wp-block-list\">\n<li>Entwerfen von Pressematerialien wie Pressemitteilungen, Meinungsbeitr\u00e4ge etc. und Anpassung unserer Kernbotschaften und Publikationen an die Zielgruppen in Deutschland.<\/li>\n\n\n\n<li>Vermittlung von Interviews und Vortr\u00e4gen f\u00fcr Sprecher von GFI Europe und Unterst\u00fctzung unserer Sprecher bei der Vorbereitung auf Interviews und Veranstaltungen.<\/li>\n\n\n\n<li>Aufbau von Beziehungen zu Journalist:innen und Influencer:innen in den Bereichen Wirtschaft, Wissenschaft, Lebensmittelwirtschaft, Landwirtschaft und Zusammenarbeit mit diesen Gruppen, um strategische Narrative voranzutreiben.<\/li>\n\n\n\n<li>Monitoring der Debatte \u00fcber alternative Proteine in Deutschland, um neue M\u00f6glichkeiten zur F\u00f6rderung des Sektors und zur St\u00e4rkung der Arbeit von GFI Europe zu identifizieren.<\/li>\n\n\n\n<li>Durchf\u00fchrung von kleinen und mittleren Veranstaltungen in Deutschland (z. B. Symposien, Roundtables, Webinare), einschlie\u00dflich der Steuerung von Dienstleistern und der Budgetkontrolle.<\/li>\n\n\n\n<li>Entwickeln von Website- und Social-Media-Inhalten und Entwerfen von Inhalten f\u00fcr andere digitale Kan\u00e4le von GFI Europe, einschlie\u00dflich E-Mail-Newslettern.<\/li>\n\n\n\n<li>Monitoring, Auswertung und Optimierung der Kommunikationsarbeit von GFI Europe in Deutschland.<\/li>\n\n\n\n<li>Zusammenarbeit mit dem gesamten Kommunikationsteam, um eine einheitliche Kommunikation in allen Regionen sicherzustellen, einschlie\u00dflich der Mitwirkung an der strategischen Planung f\u00fcr die allgemeinen Kommunikationsaktivit\u00e4ten von GFI Europe.<\/li>\n\n\n\n<li>Erledigung weiterer relevanter Aufgaben nach Bedarf.<\/li>\n<\/ul>\n\n\n\n<h2 class=\"wp-block-heading is-style-accent\" id=\"who\"><strong>Wen wir suchen<\/strong><\/h2>\n\n\n\n<p>Der Communications Associate, Germany (m\/w\/d) f\u00fcr Deutschland sollte folgende Voraussetzungen erf\u00fcllen:<\/p>\n\n\n\n<ul class=\"wp-block-list\">\n<li>Leidenschaft f\u00fcr die Philosophie und Mission von GFI.<\/li>\n\n\n\n<li>Ausgezeichnete schriftliche und m\u00fcndliche Kommunikationsf\u00e4higkeiten in Deutsch \u2013 einschlie\u00dflich der F\u00e4higkeit, komplexe technische und politische Themen in verst\u00e4ndlicher Sprache aufzubereiten.<\/li>\n\n\n\n<li>Nachweisbare Erfolge in der proaktiven Medienarbeit, einschlie\u00dflich der effektiven Entwicklung von Kommunikationsinhalten und der Interaktion mit Medien, um positive Berichterstattung zu erreichen. Idealerweise haben Sie bereits in der PR, im Journalismus oder in einem vergleichbaren Bereich gearbeitet.<\/li>\n\n\n\n<li>Gutes Urteilsverm\u00f6gen und Verst\u00e4ndnis von Nachrichtenwert: die F\u00e4higkeit, Gelegenheiten und Aufh\u00e4nger f\u00fcr eine Berichterstattung zu erkennen und die Inhalte mit den richtigen Botschaften im angemessenen Ton zu vermitteln.<\/li>\n\n\n\n<li>Eine positive Hands-on-Einstellung: Sie arbeiten selbstst\u00e4ndig und sind motiviert, Verantwortung zu \u00fcbernehmen und Ergebnisse zu erzielen.<\/li>\n\n\n\n<li>Sie f\u00fchlen sich wohl in einem Remote-Arbeitsumfeld und in einer sich dynamisch entwickelnden Organisation: Sie k\u00f6nnen gut selbstst\u00e4ndig und unter Druck arbeiten, mehrere Projekte gleichzeitig managen und Termine einhalten.<\/li>\n\n\n\n<li>Bereitschaft und F\u00e4higkeit, relevante digitale Software zu erlernen, z. B. E-Mail-Marketing-Software, Web-Publishing- und Analyse-Software sowie Social-Media-Plattformen.<\/li>\n\n\n\n<li>Sehr gute Englischkenntnisse in Wort und Schrift.<\/li>\n<\/ul>\n\n\n\n<p>Die folgenden Eigenschaften sind von Vorteil, aber keine Voraussetzung:<\/p>\n\n\n\n<ul class=\"wp-block-list\">\n<li>Erfahrung im Management von Social-Media-Kan\u00e4len und Websites.<\/li>\n\n\n\n<li>Sicherer Umgang mit digitalen Tools wie WordPress und Canva.<\/li>\n\n\n\n<li>Erfahrung in den Bereichen Transformation von Ern\u00e4hrungssystemen, Landwirtschaft, Ern\u00e4hrung oder Biotechnologie.&nbsp;<\/li>\n<\/ul>\n\n\n\n<p><em>Wir wollen die besten Leute, und wir wollen nicht, dass wir im Bewerbungsprozess durch Vorurteile beeinflusst werden. Wir ermutigen Menschen jeder Hautfarbe, jeder sexuellen Orientierung, jeden Alters, jeden Geschlechts, jeder Herkunft und jeder F\u00e4higkeit, sich zu bewerben. Wir legen Wert auf ein diverses Arbeitsumfeld und ein integratives Klima ohne Diskriminierung und Bel\u00e4stigung, sowohl w\u00e4hrend des Bewerbungsverfahrens als auch nach Aufnahme in unser Team.<\/em><\/p>\n\n\n\n<div style=\"height:34px\" aria-hidden=\"true\" class=\"wp-block-spacer\"><\/div>\n\n\n\n<h2 class=\"wp-block-heading is-style-accent\" id=\"benefits\"><strong>Konditionen<\/strong><\/h2>\n\n\n\n<ul class=\"wp-block-list\">\n<li><strong>Art der Besch\u00e4ftigung:<\/strong> Vollzeit (flexible Arbeitszeiten), befristeter Arbeitsvertrag (2 Jahre) mit der M\u00f6glichkeit einer Verl\u00e4ngerung.<\/li>\n\n\n\n<li><strong>Arbeitsort: <\/strong>Flexibel in ganz Deutschland. Es handelt sich um eine Remote-Stelle, bei der Sie von zu Hause oder einem Ort Ihrer Wahl aus arbeiten k\u00f6nnen. Auf Wunsch \u00fcbernehmen wir gerne einen Teil der Kosten f\u00fcr einen Coworking Space, damit Sie in einem B\u00fcro arbeiten k\u00f6nnen. Das gesamte Team von GFI Europe strebt an, sich etwa zweimal pro Jahr f\u00fcr jeweils 3\u20134 Tage pers\u00f6nlich zu treffen. Die Reisekosten werden von GFI Europe im Rahmen unserer Reisekostenrichtlinie \u00fcbernommen.<\/li>\n\n\n\n<li><strong>Gehalt: <\/strong>Das Gehalts- und Leistungspaket f\u00fcr alle unsere Positionen wird auf der Grundlage \u00e4hnlicher gemeinn\u00fctziger Positionen in dem jeweiligen Standort, in dem die Stelle besetzt werden soll, recherchiert und mit anderen verglichen. Die ungef\u00e4hren Richtwerte (Gesamtjahresbetrag aus Bruttogehalt plus Sozialleistungen einschlie\u00dflich Homeoffice-Zuschlag) liegen voraussichtlich zwischen 36.700 \u20ac und 43.000 \u20ac.<\/li>\n\n\n\n<li><strong>Arbeitserlaubnis: <\/strong>Bei Beginn des Arbeitsverh\u00e4ltnisses muss eine Arbeitserlaubnis f\u00fcr Deutschland vorliegen.<\/li>\n\n\n\n<li><strong>Bewerbungsschluss:<\/strong><a href=\"Dienstag 9. September 2025, 23.59 Uhr CEST\"> <\/a>Mittwoch 14. Januar 2026, 23.59 Uhr CEST. Wir werden uns nach diesem Datum mit allen Bewerber:innen in Verbindung setzen, unabh\u00e4ngig vom Ergebnis der Bewerbung. Wir bem\u00fchen uns, innerhalb von etwa zehn Tagen nach Ablauf der Frist zu antworten.<\/li>\n<\/ul>\n\n\n\n<div style=\"height:28px\" aria-hidden=\"true\" class=\"wp-block-spacer\"><\/div>\n\n\n\n<h2 class=\"wp-block-heading is-style-accent\" id=\"apply\"><strong>Bewerbungsprozess<\/strong><\/h2>\n\n\n\n<figure class=\"wp-block-table\"><table class=\"has-fixed-layout\"><tbody><tr><td><strong>Runde<\/strong><\/td><td><strong>Zeithorizont<\/strong><\/td><td><strong>Beschreibung<\/strong><\/td><td><strong>Ungef\u00e4hrer Zeitaufwand<\/strong><\/td><\/tr><tr><td>Bewerbung<\/td><td>Frist: Mittwoch 14. Januar 2026, 23.59 Uhr CEST<\/td><td>Bitte f\u00fcllen Sie das <a href=\"https:\/\/app.beapplied.com\/apply\/vcq5f8f7oh\" target=\"_blank\" rel=\"noopener\">Bewerbungsformular <\/a>aus. Dabei beantworten Sie auch Fragen zu Ihrer bisherigen Arbeitserfahrung.<\/td><td>1-1,5 Stunden<\/td><\/tr><tr><td>Schriftliche Aufgabe<\/td><td>Sp\u00e4ter Januar\/Anfang Februar<\/td><td>Sie beantworten drei bis f\u00fcnf Fragen, die die Art der Arbeit simulieren, die Sie in dieser Position ausf\u00fchren w\u00fcrden.<\/td><td>2-3 Stunden<\/td><\/tr><tr><td>Vorstellungsgespr\u00e4ch (wir streben eine Vorstellungsrunde an, behalten uns jedoch vor, bei Bedarf eine zweite Runde durchzuf\u00fchren)<\/td><td>Mitte\/Sp\u00e4ter Februar<\/td><td>Die Vorstellungsgespr\u00e4che werden per Zoom und gr\u00f6\u00dftenteils auf Englisch durchgef\u00fchrt.Wir wissen, dass Vorstellungsgespr\u00e4che f\u00fcr Bewerberinnen und Bewerber&nbsp; besonders stressig sein k\u00f6nnen. Wir haben diesen <a href=\"https:\/\/docs.google.com\/document\/d\/1JfekCqkpEWQBGhPG2aPhJr9mm9ChT_Pre1MUSaH5BxU\/edit\" target=\"_blank\" rel=\"noopener\">Leitfaden<\/a> zusammengestellt, damit Sie genau wissen, was Sie von unserem Verfahren erwarten k\u00f6nnen, und sich hoffentlich entspannter f\u00fchlen.<\/td><td>1,5 Stunden<\/td><\/tr><tr><td>Abgleich von Referenzen&nbsp;<\/td><td>Sp\u00e4ter Februar\/Anfang M\u00e4rz<\/td><td>Wir kontaktieren zwei berufliche Referenzen (von denen mindestens eine Person Sie zuvor gef\u00fchrt haben sollte), um uns \u00fcber Erfahrungen in der Zusammenarbeit mit Ihnen zu informieren. Wir werden keine Referenzen ohne Ihre vorherige Zustimmung kontaktieren.<\/td><td>N\/A&nbsp;<\/td><\/tr><\/tbody><\/table><\/figure>\n\n\n\n<p>Termine und Zeiten f\u00fcr Bewerbungsaufgaben und Interviews k\u00f6nnen so vereinbart werden, dass sie zu Ihren sonstigen Terminen und Verpflichtungen passen. Bitte beachten Sie, dass wir dieses Bewerbungsverfahren m\u00f6glichst schnell abschlie\u00dfen m\u00f6chten. Bitte teilen Sie uns daher mit, wenn Sie Kapazit\u00e4tsprobleme auf Ihrer Seite haben. Wir planen, bis M\u00e4rz ein endg\u00fcltiges Angebot zu unterbreiten.<\/p>\n\n\n\n<p><em>Wir m\u00f6chten, dass Sie jede Gelegenheit haben, zu gl\u00e4nzen und uns Ihre Talente zu zeigen \u2013 wir sind gerne bereit, angemessene Anpassungen vorzunehmen, um sicherzustellen, dass der Bewertungsprozess f\u00fcr Sie funktioniert. Schreiben Sie uns eine E-Mail an <\/em><em>europe-hiring@gfi.org<\/em><\/p>\n\n\n\n<p>Wir freuen uns darauf, von Ihnen zu h\u00f6ren!<\/p>\n\n\n\n<div style=\"height:37px\" aria-hidden=\"true\" class=\"wp-block-spacer\"><\/div>\n\n\n\n<h2 class=\"wp-block-heading is-style-accent\" id=\"questions\"><strong>Haben Sie Fragen?<\/strong><\/h2>\n\n\n\n<p>Bitte wenden Sie sich an <a href=\"mailto:europe-hiring@gfi.org\">europe-hiring@gfi.org<\/a>.&nbsp;<\/p>\n\n\n<div id=\"\" class=\"media-content alignfull\">\n\t<div class=\"media-content__wrap\">\n\t\t<div class=\"media-content__media\">\n\t\t\t\t\t\t\t\t<figure class=\"media-content__figure\">\n\t\t<picture>\n\t\t\t\t\t\t\t\t\t<img decoding=\"async\" loading=\"lazy\" src=\"https&#x3A;&#x2F;&#x2F;gfieurope.org&#x2F;de&#x2F;wp-content&#x2F;uploads&#x2F;sites&#x2F;2&#x2F;2021&#x2F;07&#x2F;GFI-Retreat-2019-577-lo-435x297.jpeg\" srcset=\"\" alt=\"GFI&#x20;Europe&#x20;jobs\" height=\"1602\" width=\"2400\" sizes=\"(max-width: 435px) 100vw, 435px\">\n\t\t<\/picture>\n\t\t\t<\/figure>\n\t\t\t\t\t<\/div>\n\t\t<div class=\"media-content__content\">\n\t\t\t\t\t\t\t\n\n<h2 class=\"wp-block-heading\" id=\"careers\">Weitere <strong>Jobs im Bereich alternative Proteine<\/strong><\/h2>\n\n\n\n<p>Hier finden Sie&nbsp;<a href=\"https:\/\/gfi.org\/global\/#global-careers\" target=\"_blank\" rel=\"noreferrer noopener\">offene Stellen bei den GFI Affiliates<\/a>&nbsp;in der Asien-Pazifik-Region, Brasilien, Indien und Israel sowie Stellenangebote in der weltweiten Branche f\u00fcr alternative Proteine. Aktuelle&nbsp;<a href=\"https:\/\/altprotein.jobs\/for-talents\" target=\"_blank\" rel=\"noreferrer noopener\">Stellenausschreibungen Sie hier einsehen<\/a>.<\/p>\n\n\n\n<div class=\"wp-block-buttons is-layout-flex wp-block-buttons-is-layout-flex\">\n<div class=\"wp-block-button\"><a class=\"wp-block-button__link has-black-color has-yellow-background-color has-text-color has-background wp-element-button\" href=\"https:\/\/gfieurope.org\/de\/careers\/\" target=\"_blank\" rel=\"noreferrer noopener\">Mehr zu unseren Stellenangebote<\/a><\/div>\n<\/div>\n\n\n\t\t\t\t\t<\/div>\n\t<\/div>\n<\/div>\n","protected":false},"excerpt":{"rendered":"<p>Das Good Food Institute Europe ist auf der Suche nach einem Kommunikationsmitarbeiter, der eng mit unserem Kommunikationsteam zusammenarbeitet, um in Deutschland ein positives Image f\u00fcr pflanzliche und andere alternative Proteine zu schaffen.<\/p>\n","protected":false},"author":19,"featured_media":0,"parent":0,"menu_order":0,"comment_status":"closed","ping_status":"closed","template":"","meta":{"_acf_changed":false,"_relevanssi_hide_post":"","_relevanssi_hide_content":"","_relevanssi_pin_for_all":"","_relevanssi_pin_keywords":"","_relevanssi_unpin_keywords":"","_relevanssi_related_keywords":"","_relevanssi_related_include_ids":"","_relevanssi_related_exclude_ids":"","_relevanssi_related_no_append":"","_relevanssi_related_not_related":"","_relevanssi_related_posts":"2723,6029,3241,2638,6173,5833","_relevanssi_noindex_reason":"","footnotes":""},"production_platform":[],"topic":[88],"class_list":["post-7308","page","type-page","status-publish","hentry","topic-gfi-europe","has-blocks"],"acf":[],"_links":{"self":[{"href":"https:\/\/gfieurope.org\/de\/wp-json\/wp\/v2\/pages\/7308","targetHints":{"allow":["GET"]}}],"collection":[{"href":"https:\/\/gfieurope.org\/de\/wp-json\/wp\/v2\/pages"}],"about":[{"href":"https:\/\/gfieurope.org\/de\/wp-json\/wp\/v2\/types\/page"}],"author":[{"embeddable":true,"href":"https:\/\/gfieurope.org\/de\/wp-json\/wp\/v2\/users\/19"}],"replies":[{"embeddable":true,"href":"https:\/\/gfieurope.org\/de\/wp-json\/wp\/v2\/comments?post=7308"}],"version-history":[{"count":16,"href":"https:\/\/gfieurope.org\/de\/wp-json\/wp\/v2\/pages\/7308\/revisions"}],"predecessor-version":[{"id":7563,"href":"https:\/\/gfieurope.org\/de\/wp-json\/wp\/v2\/pages\/7308\/revisions\/7563"}],"wp:attachment":[{"href":"https:\/\/gfieurope.org\/de\/wp-json\/wp\/v2\/media?parent=7308"}],"wp:term":[{"taxonomy":"production_platform","embeddable":true,"href":"https:\/\/gfieurope.org\/de\/wp-json\/wp\/v2\/production_platform?post=7308"},{"taxonomy":"topic","embeddable":true,"href":"https:\/\/gfieurope.org\/de\/wp-json\/wp\/v2\/topic?post=7308"}],"curies":[{"name":"wp","href":"https:\/\/api.w.org\/{rel}","templated":true}]}}